{"id":3634,"date":"2026-08-21T13:15:59","date_gmt":"2026-08-21T13:15:59","guid":{"rendered":"https:\/\/ocdd.pt\/?page_id=3634"},"modified":"2026-08-23T14:19:52","modified_gmt":"2026-08-23T14:19:52","slug":"ciclos-2","status":"publish","type":"page","link":"https:\/\/ocdd.pt\/?page_id=3634","title":{"rendered":"CICLOS"},"content":{"rendered":"\n<div class=\"wp-block-columns is-layout-flex wp-container-core-columns-is-layout-3 wp-block-columns-is-layout-flex\">\n<div class=\"wp-block-column is-layout-flow wp-block-column-is-layout-flow\" style=\"flex-basis:33.33%\">\n<p class=\"has-text-align-center\"><strong>Sinopse<\/strong><\/p>\n\n\n\n<p><\/p>\n\n\n\n<p><em>Ciclos<\/em> explora a circularidade e as espirais presentes nos ritmos biol\u00f3gicos, na natureza e na pr\u00f3pria Terra, atravessando padr\u00f5es que se repetem, transformam e regressam sob novas formas. Entre perman\u00eancia e mudan\u00e7a, a pe\u00e7a prop\u00f5e uma reflex\u00e3o po\u00e9tica sobre o equil\u00edbrio entre renova\u00e7\u00e3o e continuidade, tanto no mundo natural como na cultura humana.<\/p>\n\n\n\n<p class=\"has-text-align-center\"><strong>Dura\u00e7\u00e3o:<\/strong> 60 min.<br><strong>Autor:<\/strong> Manuel Galrinho<br><strong>N\u00famero de bailarinos:<\/strong> Quatro<br><strong>Estreia:<\/strong> 17 de setembro de 2026<br><strong>Figurino:<\/strong> Manuel Galrinho<br><strong>M\u00fasica:<\/strong> Joana Mendon\u00e7a (n\u00e3o sujeito a pagamento dos direitos de autor)<\/p>\n\n\n<div class=\"wp-block-image\">\n<figure class=\"aligncenter size-large is-resized\"><img decoding=\"async\" width=\"819\" height=\"1024\" src=\"https:\/\/ocdd.pt\/wp-content\/uploads\/2026\/08\/Estreia_ciclos_17_set_2026_new_version-1-819x1024.jpg\" alt=\"\" class=\"wp-image-3646\" style=\"width:302px;height:auto\" srcset=\"https:\/\/ocdd.pt\/wp-content\/uploads\/2026\/08\/Estreia_ciclos_17_set_2026_new_version-1-819x1024.jpg 819w, https:\/\/ocdd.pt\/wp-content\/uploads\/2026\/08\/Estreia_ciclos_17_set_2026_new_version-1-240x300.jpg 240w, https:\/\/ocdd.pt\/wp-content\/uploads\/2026\/08\/Estreia_ciclos_17_set_2026_new_version-1-768x960.jpg 768w, https:\/\/ocdd.pt\/wp-content\/uploads\/2026\/08\/Estreia_ciclos_17_set_2026_new_version-1-19x24.jpg 19w, https:\/\/ocdd.pt\/wp-content\/uploads\/2026\/08\/Estreia_ciclos_17_set_2026_new_version-1-29x36.jpg 29w, https:\/\/ocdd.pt\/wp-content\/uploads\/2026\/08\/Estreia_ciclos_17_set_2026_new_version-1-38x48.jpg 38w, https:\/\/ocdd.pt\/wp-content\/uploads\/2026\/08\/Estreia_ciclos_17_set_2026_new_version-1-600x750.jpg 600w, https:\/\/ocdd.pt\/wp-content\/uploads\/2026\/08\/Estreia_ciclos_17_set_2026_new_version-1.jpg 1080w\" sizes=\"(max-width: 819px) 100vw, 819px\" \/><figcaption class=\"wp-element-caption\"><strong>Estreia no Teatro S\u00e1 da Bandeira a 17 de setembro de 2026 em Santar\u00e9m<\/strong><\/figcaption><\/figure><\/div><\/div>\n\n\n\n<div class=\"wp-block-column is-layout-flow wp-block-column-is-layout-flow\" style=\"flex-basis:66.66%\">\n<div class=\"wp-block-columns is-layout-flex wp-container-core-columns-is-layout-1 wp-block-columns-is-layout-flex\">\n<div class=\"wp-block-column is-layout-flow wp-block-column-is-layout-flow\">\n<figure class=\"wp-block-image size-large\"><img decoding=\"async\" width=\"1024\" height=\"683\" src=\"https:\/\/ocdd.pt\/wp-content\/uploads\/2026\/08\/DSCF1490_Foto-3-1024x683.jpg\" alt=\"\" class=\"wp-image-3694\" srcset=\"https:\/\/ocdd.pt\/wp-content\/uploads\/2026\/08\/DSCF1490_Foto-3-1024x683.jpg 1024w, https:\/\/ocdd.pt\/wp-content\/uploads\/2026\/08\/DSCF1490_Foto-3-300x200.jpg 300w, https:\/\/ocdd.pt\/wp-content\/uploads\/2026\/08\/DSCF1490_Foto-3-768x512.jpg 768w, https:\/\/ocdd.pt\/wp-content\/uploads\/2026\/08\/DSCF1490_Foto-3-1536x1024.jpg 1536w, https:\/\/ocdd.pt\/wp-content\/uploads\/2026\/08\/DSCF1490_Foto-3-2048x1365.jpg 2048w, https:\/\/ocdd.pt\/wp-content\/uploads\/2026\/08\/DSCF1490_Foto-3-24x16.jpg 24w, https:\/\/ocdd.pt\/wp-content\/uploads\/2026\/08\/DSCF1490_Foto-3-36x24.jpg 36w, https:\/\/ocdd.pt\/wp-content\/uploads\/2026\/08\/DSCF1490_Foto-3-48x32.jpg 48w, https:\/\/ocdd.pt\/wp-content\/uploads\/2026\/08\/DSCF1490_Foto-3-600x400.jpg 600w\" sizes=\"(max-width: 1024px) 100vw, 1024px\" \/><\/figure>\n<\/div>\n\n\n\n<div class=\"wp-block-column is-layout-flow wp-block-column-is-layout-flow\">\n<figure class=\"wp-block-image size-large\"><img decoding=\"async\" width=\"1024\" height=\"683\" src=\"https:\/\/ocdd.pt\/wp-content\/uploads\/2026\/08\/IMG_4714_crop-1024x683.jpg\" alt=\"\" class=\"wp-image-3638\" srcset=\"https:\/\/ocdd.pt\/wp-content\/uploads\/2026\/08\/IMG_4714_crop-1024x683.jpg 1024w, https:\/\/ocdd.pt\/wp-content\/uploads\/2026\/08\/IMG_4714_crop-300x200.jpg 300w, https:\/\/ocdd.pt\/wp-content\/uploads\/2026\/08\/IMG_4714_crop-768x512.jpg 768w, https:\/\/ocdd.pt\/wp-content\/uploads\/2026\/08\/IMG_4714_crop-1536x1024.jpg 1536w, https:\/\/ocdd.pt\/wp-content\/uploads\/2026\/08\/IMG_4714_crop-24x16.jpg 24w, https:\/\/ocdd.pt\/wp-content\/uploads\/2026\/08\/IMG_4714_crop-36x24.jpg 36w, https:\/\/ocdd.pt\/wp-content\/uploads\/2026\/08\/IMG_4714_crop-48x32.jpg 48w, https:\/\/ocdd.pt\/wp-content\/uploads\/2026\/08\/IMG_4714_crop-600x400.jpg 600w, https:\/\/ocdd.pt\/wp-content\/uploads\/2026\/08\/IMG_4714_crop.jpg 1920w\" sizes=\"(max-width: 1024px) 100vw, 1024px\" \/><\/figure>\n<\/div>\n\n\n\n<div class=\"wp-block-column is-layout-flow wp-block-column-is-layout-flow\">\n<figure class=\"wp-block-image size-large\"><img decoding=\"async\" width=\"1024\" height=\"683\" src=\"https:\/\/ocdd.pt\/wp-content\/uploads\/2026\/08\/foto6-1024x683.jpg\" alt=\"\" class=\"wp-image-3643\" srcset=\"https:\/\/ocdd.pt\/wp-content\/uploads\/2026\/08\/foto6-1024x683.jpg 1024w, https:\/\/ocdd.pt\/wp-content\/uploads\/2026\/08\/foto6-300x200.jpg 300w, https:\/\/ocdd.pt\/wp-content\/uploads\/2026\/08\/foto6-768x512.jpg 768w, https:\/\/ocdd.pt\/wp-content\/uploads\/2026\/08\/foto6-1536x1024.jpg 1536w, https:\/\/ocdd.pt\/wp-content\/uploads\/2026\/08\/foto6-24x16.jpg 24w, https:\/\/ocdd.pt\/wp-content\/uploads\/2026\/08\/foto6-36x24.jpg 36w, https:\/\/ocdd.pt\/wp-content\/uploads\/2026\/08\/foto6-48x32.jpg 48w, https:\/\/ocdd.pt\/wp-content\/uploads\/2026\/08\/foto6-600x400.jpg 600w, https:\/\/ocdd.pt\/wp-content\/uploads\/2026\/08\/foto6.jpg 1920w\" sizes=\"(max-width: 1024px) 100vw, 1024px\" \/><\/figure>\n<\/div>\n<\/div>\n\n\n\n<div class=\"wp-block-columns is-layout-flex wp-container-core-columns-is-layout-2 wp-block-columns-is-layout-flex\">\n<div class=\"wp-block-column is-layout-flow wp-block-column-is-layout-flow\">\n<figure class=\"wp-block-image size-large\"><img decoding=\"async\" width=\"1024\" height=\"683\" src=\"https:\/\/ocdd.pt\/wp-content\/uploads\/2026\/08\/foto1-2-1024x683.jpg\" alt=\"\" class=\"wp-image-3640\" srcset=\"https:\/\/ocdd.pt\/wp-content\/uploads\/2026\/08\/foto1-2-1024x683.jpg 1024w, https:\/\/ocdd.pt\/wp-content\/uploads\/2026\/08\/foto1-2-300x200.jpg 300w, https:\/\/ocdd.pt\/wp-content\/uploads\/2026\/08\/foto1-2-768x512.jpg 768w, https:\/\/ocdd.pt\/wp-content\/uploads\/2026\/08\/foto1-2-1536x1024.jpg 1536w, https:\/\/ocdd.pt\/wp-content\/uploads\/2026\/08\/foto1-2-24x16.jpg 24w, https:\/\/ocdd.pt\/wp-content\/uploads\/2026\/08\/foto1-2-36x24.jpg 36w, https:\/\/ocdd.pt\/wp-content\/uploads\/2026\/08\/foto1-2-48x32.jpg 48w, https:\/\/ocdd.pt\/wp-content\/uploads\/2026\/08\/foto1-2-600x400.jpg 600w, https:\/\/ocdd.pt\/wp-content\/uploads\/2026\/08\/foto1-2.jpg 1920w\" sizes=\"(max-width: 1024px) 100vw, 1024px\" \/><\/figure>\n<\/div>\n\n\n\n<div class=\"wp-block-column is-layout-flow wp-block-column-is-layout-flow\">\n<figure class=\"wp-block-image size-large\"><img decoding=\"async\" width=\"1024\" height=\"683\" src=\"https:\/\/ocdd.pt\/wp-content\/uploads\/2026\/08\/IMG_7628-1024x683.jpg\" alt=\"\" class=\"wp-image-3641\" srcset=\"https:\/\/ocdd.pt\/wp-content\/uploads\/2026\/08\/IMG_7628-1024x683.jpg 1024w, https:\/\/ocdd.pt\/wp-content\/uploads\/2026\/08\/IMG_7628-300x200.jpg 300w, https:\/\/ocdd.pt\/wp-content\/uploads\/2026\/08\/IMG_7628-768x512.jpg 768w, https:\/\/ocdd.pt\/wp-content\/uploads\/2026\/08\/IMG_7628-1536x1024.jpg 1536w, https:\/\/ocdd.pt\/wp-content\/uploads\/2026\/08\/IMG_7628-24x16.jpg 24w, https:\/\/ocdd.pt\/wp-content\/uploads\/2026\/08\/IMG_7628-36x24.jpg 36w, https:\/\/ocdd.pt\/wp-content\/uploads\/2026\/08\/IMG_7628-48x32.jpg 48w, https:\/\/ocdd.pt\/wp-content\/uploads\/2026\/08\/IMG_7628-600x400.jpg 600w, https:\/\/ocdd.pt\/wp-content\/uploads\/2026\/08\/IMG_7628.jpg 1920w\" sizes=\"(max-width: 1024px) 100vw, 1024px\" \/><\/figure>\n<\/div>\n\n\n\n<div class=\"wp-block-column is-layout-flow wp-block-column-is-layout-flow\">\n<figure class=\"wp-block-image size-large\"><img decoding=\"async\" width=\"1024\" height=\"683\" src=\"https:\/\/ocdd.pt\/wp-content\/uploads\/2026\/08\/foto2-1024x683.jpg\" alt=\"\" class=\"wp-image-3642\" srcset=\"https:\/\/ocdd.pt\/wp-content\/uploads\/2026\/08\/foto2-1024x683.jpg 1024w, https:\/\/ocdd.pt\/wp-content\/uploads\/2026\/08\/foto2-300x200.jpg 300w, https:\/\/ocdd.pt\/wp-content\/uploads\/2026\/08\/foto2-768x512.jpg 768w, https:\/\/ocdd.pt\/wp-content\/uploads\/2026\/08\/foto2-1536x1024.jpg 1536w, https:\/\/ocdd.pt\/wp-content\/uploads\/2026\/08\/foto2-24x16.jpg 24w, https:\/\/ocdd.pt\/wp-content\/uploads\/2026\/08\/foto2-36x24.jpg 36w, https:\/\/ocdd.pt\/wp-content\/uploads\/2026\/08\/foto2-48x32.jpg 48w, https:\/\/ocdd.pt\/wp-content\/uploads\/2026\/08\/foto2-600x400.jpg 600w, https:\/\/ocdd.pt\/wp-content\/uploads\/2026\/08\/foto2.jpg 1920w\" sizes=\"(max-width: 1024px) 100vw, 1024px\" \/><\/figure>\n<\/div>\n<\/div>\n<\/div>\n<\/div>\n","protected":false},"excerpt":{"rendered":"<p>Sinopse Ciclos explora a circularidade e as espirais presentes nos ritmos biol\u00f3gicos, na natureza e na pr\u00f3pria Terra, atravessando padr\u00f5es que se repetem, transformam e regressam sob novas formas. Entre perman\u00eancia e mudan\u00e7a, a pe\u00e7a prop\u00f5e uma reflex\u00e3o po\u00e9tica sobre o equil\u00edbrio entre renova\u00e7\u00e3o e continuidade, tanto no mundo natural como na cultura humana. Dura\u00e7\u00e3o: &#8230; <a title=\"CICLOS\" class=\"read-more\" href=\"https:\/\/ocdd.pt\/?page_id=3634\" aria-label=\"Mais sobre CICLOS\">Ler mais<\/a><\/p>\n","protected":false},"author":1,"featured_media":0,"parent":0,"menu_order":0,"comment_status":"closed","ping_status":"closed","template":"","meta":{"footnotes":""},"class_list":["post-3634","page","type-page","status-publish"],"yoast_head":"<!-- This site is optimized with the Yoast SEO plugin v21.8 - https:\/\/yoast.com\/wordpress\/plugins\/seo\/ -->\n<title>CICLOS - ocdd.pt<\/title>\n<meta name=\"robots\" content=\"index, follow, max-snippet:-1, max-image-preview:large, max-video-preview:-1\" \/>\n<link rel=\"canonical\" href=\"https:\/\/ocdd.pt\/?page_id=3634\" \/>\n<meta property=\"og:locale\" content=\"pt_PT\" \/>\n<meta property=\"og:type\" content=\"article\" \/>\n<meta property=\"og:title\" content=\"CICLOS - ocdd.pt\" \/>\n<meta property=\"og:description\" content=\"Sinopse Ciclos explora a circularidade e as espirais presentes nos ritmos biol\u00f3gicos, na natureza e na pr\u00f3pria Terra, atravessando padr\u00f5es que se repetem, transformam e regressam sob novas formas. Entre perman\u00eancia e mudan\u00e7a, a pe\u00e7a prop\u00f5e uma reflex\u00e3o po\u00e9tica sobre o equil\u00edbrio entre renova\u00e7\u00e3o e continuidade, tanto no mundo natural como na cultura humana. Dura\u00e7\u00e3o: ... Ler mais\" \/>\n<meta property=\"og:url\" content=\"https:\/\/ocdd.pt\/?page_id=3634\" \/>\n<meta property=\"og:site_name\" content=\"ocdd.pt\" \/>\n<meta property=\"article:modified_time\" content=\"2026-08-23T14:19:52+00:00\" \/>\n<meta property=\"og:image\" content=\"https:\/\/ocdd.pt\/wp-content\/uploads\/2026\/08\/Estreia_ciclos_17_set_2026_new_version-1-819x1024.jpg\" \/>\n<meta name=\"twitter:card\" content=\"summary_large_image\" \/>\n<meta name=\"twitter:label1\" content=\"Tempo estimado de leitura\" \/>\n\t<meta name=\"twitter:data1\" content=\"2 minutos\" \/>\n<script type=\"application\/ld+json\" class=\"yoast-schema-graph\">{\"@context\":\"https:\/\/schema.org\",\"@graph\":[{\"@type\":\"WebPage\",\"@id\":\"https:\/\/ocdd.pt\/?page_id=3634\",\"url\":\"https:\/\/ocdd.pt\/?page_id=3634\",\"name\":\"CICLOS - ocdd.pt\",\"isPartOf\":{\"@id\":\"https:\/\/ocdd.pt\/#website\"},\"datePublished\":\"2026-08-21T13:15:59+00:00\",\"dateModified\":\"2026-08-23T14:19:52+00:00\",\"breadcrumb\":{\"@id\":\"https:\/\/ocdd.pt\/?page_id=3634#breadcrumb\"},\"inLanguage\":\"pt-PT\",\"potentialAction\":[{\"@type\":\"ReadAction\",\"target\":[\"https:\/\/ocdd.pt\/?page_id=3634\"]}]},{\"@type\":\"BreadcrumbList\",\"@id\":\"https:\/\/ocdd.pt\/?page_id=3634#breadcrumb\",\"itemListElement\":[{\"@type\":\"ListItem\",\"position\":1,\"name\":\"In\u00edcio\",\"item\":\"https:\/\/ocdd.pt\/\"},{\"@type\":\"ListItem\",\"position\":2,\"name\":\"CICLOS\"}]},{\"@type\":\"WebSite\",\"@id\":\"https:\/\/ocdd.pt\/#website\",\"url\":\"https:\/\/ocdd.pt\/\",\"name\":\"ocdd.pt\",\"description\":\"Companhia de Dan\u00e7a\",\"publisher\":{\"@id\":\"https:\/\/ocdd.pt\/#organization\"},\"potentialAction\":[{\"@type\":\"SearchAction\",\"target\":{\"@type\":\"EntryPoint\",\"urlTemplate\":\"https:\/\/ocdd.pt\/?s={search_term_string}\"},\"query-input\":\"required name=search_term_string\"}],\"inLanguage\":\"pt-PT\"},{\"@type\":\"Organization\",\"@id\":\"https:\/\/ocdd.pt\/#organization\",\"name\":\"ocdd.pt\",\"url\":\"https:\/\/ocdd.pt\/\",\"logo\":{\"@type\":\"ImageObject\",\"inLanguage\":\"pt-PT\",\"@id\":\"https:\/\/ocdd.pt\/#\/schema\/logo\/image\/\",\"url\":\"https:\/\/ocdd.pt\/wp-content\/uploads\/2026\/08\/cropped-site_cabecalho-3.png\",\"contentUrl\":\"https:\/\/ocdd.pt\/wp-content\/uploads\/2026\/08\/cropped-site_cabecalho-3.png\",\"width\":1984,\"height\":459,\"caption\":\"ocdd.pt\"},\"image\":{\"@id\":\"https:\/\/ocdd.pt\/#\/schema\/logo\/image\/\"}}]}<\/script>\n<!-- \/ Yoast SEO plugin. -->","yoast_head_json":{"title":"CICLOS - ocdd.pt","robots":{"index":"index","follow":"follow","max-snippet":"max-snippet:-1","max-image-preview":"max-image-preview:large","max-video-preview":"max-video-preview:-1"},"canonical":"https:\/\/ocdd.pt\/?page_id=3634","og_locale":"pt_PT","og_type":"article","og_title":"CICLOS - ocdd.pt","og_description":"Sinopse Ciclos explora a circularidade e as espirais presentes nos ritmos biol\u00f3gicos, na natureza e na pr\u00f3pria Terra, atravessando padr\u00f5es que se repetem, transformam e regressam sob novas formas. Entre perman\u00eancia e mudan\u00e7a, a pe\u00e7a prop\u00f5e uma reflex\u00e3o po\u00e9tica sobre o equil\u00edbrio entre renova\u00e7\u00e3o e continuidade, tanto no mundo natural como na cultura humana. Dura\u00e7\u00e3o: ... Ler mais","og_url":"https:\/\/ocdd.pt\/?page_id=3634","og_site_name":"ocdd.pt","article_modified_time":"2026-08-23T14:19:52+00:00","og_image":[{"url":"https:\/\/ocdd.pt\/wp-content\/uploads\/2026\/08\/Estreia_ciclos_17_set_2026_new_version-1-819x1024.jpg"}],"twitter_card":"summary_large_image","twitter_misc":{"Tempo estimado de leitura":"2 minutos"},"schema":{"@context":"https:\/\/schema.org","@graph":[{"@type":"WebPage","@id":"https:\/\/ocdd.pt\/?page_id=3634","url":"https:\/\/ocdd.pt\/?page_id=3634","name":"CICLOS - ocdd.pt","isPartOf":{"@id":"https:\/\/ocdd.pt\/#website"},"datePublished":"2026-08-21T13:15:59+00:00","dateModified":"2026-08-23T14:19:52+00:00","breadcrumb":{"@id":"https:\/\/ocdd.pt\/?page_id=3634#breadcrumb"},"inLanguage":"pt-PT","potentialAction":[{"@type":"ReadAction","target":["https:\/\/ocdd.pt\/?page_id=3634"]}]},{"@type":"BreadcrumbList","@id":"https:\/\/ocdd.pt\/?page_id=3634#breadcrumb","itemListElement":[{"@type":"ListItem","position":1,"name":"In\u00edcio","item":"https:\/\/ocdd.pt\/"},{"@type":"ListItem","position":2,"name":"CICLOS"}]},{"@type":"WebSite","@id":"https:\/\/ocdd.pt\/#website","url":"https:\/\/ocdd.pt\/","name":"ocdd.pt","description":"Companhia de Dan\u00e7a","publisher":{"@id":"https:\/\/ocdd.pt\/#organization"},"potentialAction":[{"@type":"SearchAction","target":{"@type":"EntryPoint","urlTemplate":"https:\/\/ocdd.pt\/?s={search_term_string}"},"query-input":"required name=search_term_string"}],"inLanguage":"pt-PT"},{"@type":"Organization","@id":"https:\/\/ocdd.pt\/#organization","name":"ocdd.pt","url":"https:\/\/ocdd.pt\/","logo":{"@type":"ImageObject","inLanguage":"pt-PT","@id":"https:\/\/ocdd.pt\/#\/schema\/logo\/image\/","url":"https:\/\/ocdd.pt\/wp-content\/uploads\/2026\/08\/cropped-site_cabecalho-3.png","contentUrl":"https:\/\/ocdd.pt\/wp-content\/uploads\/2026\/08\/cropped-site_cabecalho-3.png","width":1984,"height":459,"caption":"ocdd.pt"},"image":{"@id":"https:\/\/ocdd.pt\/#\/schema\/logo\/image\/"}}]}},"jetpack_sharing_enabled":true,"_links":{"self":[{"href":"https:\/\/ocdd.pt\/index.php?rest_route=\/wp\/v2\/pages\/3634","targetHints":{"allow":["GET"]}}],"collection":[{"href":"https:\/\/ocdd.pt\/index.php?rest_route=\/wp\/v2\/pages"}],"about":[{"href":"https:\/\/ocdd.pt\/index.php?rest_route=\/wp\/v2\/types\/page"}],"author":[{"embeddable":true,"href":"https:\/\/ocdd.pt\/index.php?rest_route=\/wp\/v2\/users\/1"}],"replies":[{"embeddable":true,"href":"https:\/\/ocdd.pt\/index.php?rest_route=%2Fwp%2Fv2%2Fcomments&post=3634"}],"version-history":[{"count":6,"href":"https:\/\/ocdd.pt\/index.php?rest_route=\/wp\/v2\/pages\/3634\/revisions"}],"predecessor-version":[{"id":3695,"href":"https:\/\/ocdd.pt\/index.php?rest_route=\/wp\/v2\/pages\/3634\/revisions\/3695"}],"wp:attachment":[{"href":"https:\/\/ocdd.pt\/index.php?rest_route=%2Fwp%2Fv2%2Fmedia&parent=3634"}],"curies":[{"name":"wp","href":"https:\/\/api.w.org\/{rel}","templated":true}]}}